{"version":"1.0","provider_name":"Online-Gedenkseite","provider_url":"https:\/\/www.tributoo.com\/de","title":"Udo Mueller - Online memorial page","type":"rich","width":600,"height":338,"html":"<blockquote class=\"wp-embedded-content\" data-secret=\"vnWMvoU5lK\"><a href=\"https:\/\/www.tributoo.com\/de\/kondolenzbuch\/udo-muller\/\">Udo M\u00fcller<\/a><\/blockquote><iframe sandbox=\"allow-scripts\" security=\"restricted\" src=\"https:\/\/www.tributoo.com\/de\/kondolenzbuch\/udo-muller\/embed\/#?secret=vnWMvoU5lK\" width=\"600\" height=\"338\" title=\"&#8222;Udo Mueller&#8220; &#8211; Online memorial page\" data-secret=\"vnWMvoU5lK\" frameborder=\"0\" marginwidth=\"0\" marginheight=\"0\" scrolling=\"no\" class=\"wp-embedded-content\"><\/iframe><script type=\"text\/javascript\">\n\/* <![CDATA[ *\/\n\/*! This file is auto-generated *\/\n!function(d,l){\"use strict\";l.querySelector&&d.addEventListener&&\"undefined\"!=typeof URL&&(d.wp=d.wp||{},d.wp.receiveEmbedMessage||(d.wp.receiveEmbedMessage=function(e){var t=e.data;if((t||t.secret||t.message||t.value)&&!\/[^a-zA-Z0-9]\/.test(t.secret)){for(var s,r,n,a=l.querySelectorAll('iframe[data-secret=\"'+t.secret+'\"]'),o=l.querySelectorAll('blockquote[data-secret=\"'+t.secret+'\"]'),c=new RegExp(\"^https?:$\",\"i\"),i=0;i<o.length;i++)o[i].style.display=\"none\";for(i=0;i<a.length;i++)s=a[i],e.source===s.contentWindow&&(s.removeAttribute(\"style\"),\"height\"===t.message?(1e3<(r=parseInt(t.value,10))?r=1e3:~~r<200&&(r=200),s.height=r):\"link\"===t.message&&(r=new URL(s.getAttribute(\"src\")),n=new URL(t.value),c.test(n.protocol))&&n.host===r.host&&l.activeElement===s&&(d.top.location.href=t.value))}},d.addEventListener(\"message\",d.wp.receiveEmbedMessage,!1),l.addEventListener(\"DOMContentLoaded\",function(){for(var e,t,s=l.querySelectorAll(\"iframe.wp-embedded-content\"),r=0;r<s.length;r++)(t=(e=s[r]).getAttribute(\"data-secret\"))||(t=Math.random().toString(36).substring(2,12),e.src+=\"#?secret=\"+t,e.setAttribute(\"data-secret\",t)),e.contentWindow.postMessage({message:\"ready\",secret:t},\"*\")},!1)))}(window,document);\n\/\/# sourceURL=https:\/\/www.tributoo.com\/wp-includes\/js\/wp-embed.min.js\n\/* ]]> *\/\n<\/script>","description":"Mit Frau Koch verlieren wir eine au\u00dfergew\u00f6hnlich feine Pers\u00f6nlichkeit. Ihr Verlust ist nicht nur ein gro\u00dfer Schmerz f\u00fcr die Familie Koch, sondern auch f\u00fcr uns alle bei BEKO. Wir werden ihre Herzlichkeit und ihr Engagement in dankbarer Erinnerung behalten. Download QR code","thumbnail_url":"https:\/\/www.tributoo.com\/wp-content\/uploads\/2024\/10\/tributoo_home_1.webp","thumbnail_width":2048,"thumbnail_height":1198}